{"id":785,"date":"2023-11-15T11:30:30","date_gmt":"2023-11-15T16:30:30","guid":{"rendered":"https:\/\/creations-interieures.com\/?page_id=785"},"modified":"2024-08-27T00:07:25","modified_gmt":"2024-08-27T04:07:25","slug":"privacy","status":"publish","type":"page","link":"https:\/\/creations-interieures.com\/en\/privacy\/","title":{"rendered":"Privacy"},"content":{"rendered":"<div class=\"fusion-fullwidth fullwidth-box fusion-builder-row-1 fusion-flex-container has-pattern-background has-mask-background nonhundred-percent-fullwidth non-hundred-percent-height-scrolling\" style=\"--awb-border-radius-top-left:0px;--awb-border-radius-top-right:0px;--awb-border-radius-bottom-right:0px;--awb-border-radius-bottom-left:0px;--awb-flex-wrap:wrap;\" ><div class=\"fusion-builder-row fusion-row fusion-flex-align-items-flex-start fusion-flex-content-wrap\" style=\"max-width:1664px;margin-left: calc(-4% \/ 2 );margin-right: calc(-4% \/ 2 );\"><div class=\"fusion-layout-column fusion_builder_column fusion-builder-column-0 fusion_builder_column_1_1 1_1 fusion-flex-column\" style=\"--awb-bg-size:cover;--awb-width-large:100%;--awb-margin-top-large:0px;--awb-spacing-right-large:1.92%;--awb-margin-bottom-large:20px;--awb-spacing-left-large:1.92%;--awb-width-medium:100%;--awb-order-medium:0;--awb-spacing-right-medium:1.92%;--awb-spacing-left-medium:1.92%;--awb-width-small:100%;--awb-order-small:0;--awb-spacing-right-small:1.92%;--awb-spacing-left-small:1.92%;\"><div class=\"fusion-column-wrapper fusion-column-has-shadow fusion-flex-justify-content-flex-start fusion-content-layout-column\"><div class=\"fusion-text fusion-text-1\"><h3 class=\"mb-10 mt-60 text-center\" data-fontsize=\"32\" data-lineheight=\"42.56px\">POLITIQUE DE CONFIDENTIALIT\u00c9<\/h3>\n<p>Le nom de la personne ressource : Marie-Pier Desjardins<\/p>\n<div>Compagnie :&nbsp;Adresse : 253 rue des Sources, Saint-Eustache Qc J7R 2W3<\/div>\n<div>&nbsp;<\/div>\n<div>\n<div>Courriel: <a href=\"mailto:mp.desjardins@creations-interieures.com\" target=\"_blank\" rel=\"noopener\">mp.desjardins@creations-<wbr>interieures.com<\/a><\/div>\n<div>&nbsp;<\/div>\n<div>T\u00e9l\u00e9phone : 514-971-2573<\/div>\n<div>&nbsp;<\/div>\n<\/div>\n<h3>Type de site : Entreprise \/ services<\/h3>\n<h3 class=\"mb-10 mt-40 text-left\" data-fontsize=\"32\" data-lineheight=\"42.56px\">Le but de cette politique de confidentialit\u00e9<\/h3>\n<p>Le but de cette politique de confidentialit\u00e9 est d\u2019informer les utilisateurs de notre site des donn\u00e9es personnelles que nous recueillerons ainsi que les informations suivantes, le cas \u00e9ch\u00e9ant :<\/p>\n<ul>\n<li type=\"a\">Les donn\u00e9es personnelles que nous recueillerons<\/li>\n<li type=\"a\">L\u2019utilisation des donn\u00e9es recueillies<\/li>\n<li type=\"a\">Qui a acc\u00e8s aux donn\u00e9es recueillies<\/li>\n<li type=\"a\">Les droits des utilisateurs du site<\/li>\n<li type=\"a\">La politique de cookies du site<\/li>\n<\/ul>\n<p class=\"mt-10\">Cette politique de confidentialit\u00e9 fonctionne parall\u00e8lement aux conditions g\u00e9n\u00e9rales d\u2019utilisation de notre site.<\/p>\n<h3 class=\"\" data-fontsize=\"32\" data-lineheight=\"42.56px\">Lois applicables<\/h3>\n<p>Cette politique est conforme aux lois \u00e9nonc\u00e9es dans la loi sur la protection des renseignements personnels et les documents \u00e9lectroniques (LPRPDE).<\/p>\n<p class=\"mt-10\">Pour les r\u00e9sidents des pays de l\u2019UE, le R\u00e8glement g\u00e9n\u00e9ral sur la protection des donn\u00e9es (RGDP) r\u00e9git toutes les politiques de protection des donn\u00e9es, quel que soit l\u2019endroit o\u00f9 se trouve le site. La pr\u00e9sente politique de confidentialit\u00e9 vise \u00e0 se conformer au RGDP. S\u2019il y a des incoh\u00e9rences entre la pr\u00e9sente politique et le RGDP, le RGDP s\u2019appliquera.<\/p>\n<p class=\"mt-10\">Pour les r\u00e9sidents de l\u2019\u00c9tat de Californie, cette politique de confidentialit\u00e9 vise \u00e0 se conformer \u00e0 la California Consumer Privacy Act (CCPA). S\u2019il y a des incoh\u00e9rences entre ce document et la CCPA, la l\u00e9gislation de l\u2019\u00c9tat s\u2019appliquera. Si nous constatons des incoh\u00e9rences, nous modifierons notre politique pour nous conformer \u00e0 la loi pertinente.<\/p>\n<h3 class=\"\" data-fontsize=\"32\" data-lineheight=\"42.56px\">Consentement<\/h3>\n<p>Les utilisateurs conviennent qu\u2019en utilisant notre site, ils consentent :<\/p>\n<ul>\n<li type=\"a\">aux conditions \u00e9nonc\u00e9es dans la pr\u00e9sente politique de confidentialit\u00e9<\/li>\n<li type=\"a\">\u00e0 la collecte, l\u2019utilisation et la conservation des donn\u00e9es \u00e9num\u00e9r\u00e9es dans la pr\u00e9sente politique.<\/li>\n<\/ul>\n<h3 class=\"\" data-fontsize=\"32\" data-lineheight=\"42.56px\">Donn\u00e9es personnelles que nous collectons<br \/>Donn\u00e9es collect\u00e9es automatiquement<\/h3>\n<p>Lorsque vous visitez et utilisez notre site, nous pouvons automatiquement recueillir et conserver les renseignements suivants :<\/p>\n<ul>\n<li type=\"a\">Adresse IP<\/li>\n<li type=\"a\">Lieu<\/li>\n<li type=\"a\">D\u00e9tails mat\u00e9riels et logiciels<\/li>\n<li type=\"a\">Liens de l\u2019utilisateur qui clique tout en utilisant le site<\/li>\n<li type=\"a\">Contenu que l\u2019utilisateur consulte sur votre site<\/li>\n<\/ul>\n<h3 class=\"\" data-fontsize=\"32\" data-lineheight=\"42.56px\"><b>Donn\u00e9es recueillies de fa\u00e7on non automatique<\/b><\/h3>\n<p>Nous pouvons \u00e9galement collecter les donn\u00e9es suivantes lorsque vous effectuez certaines fonctions sur notre site :<\/p>\n<ul>\n<li type=\"a\">Pr\u00e9nom et nom<\/li>\n<li type=\"a\">\u00c2ge<\/li>\n<li type=\"a\">Date de naissance<\/li>\n<li type=\"a\">Sexe<\/li>\n<li type=\"a\">Email<\/li>\n<li type=\"a\">Num\u00e9ro de t\u00e9l\u00e9phone<\/li>\n<li type=\"a\">Domicile<\/li>\n<li type=\"a\">Information de paiement<\/li>\n<li type=\"a\">Donn\u00e9es de remplissage automatique<\/li>\n<\/ul>\n<p class=\"mt-10\">Ces donn\u00e9es peuvent \u00eatre recueillies au moyen des m\u00e9thodes suivantes :<\/p>\n<ul>\n<li>Ouverture d\u2019un compte<\/li>\n<li>Rencontres physiques<\/li>\n<li>Rencontres virtuelles<\/li>\n<\/ul>\n<p class=\"mt-10\">Veuillez noter que nous ne collectons que les donn\u00e9es qui nous aident \u00e0 atteindre l\u2019objectif \u00e9nonc\u00e9 dans cette politique de confidentialit\u00e9. Nous ne recueillerons pas de donn\u00e9es suppl\u00e9mentaires sans vous en informer au pr\u00e9alable.<\/p>\n<h3 class=\"\" data-fontsize=\"32\" data-lineheight=\"42.56px\">Comment nous utilisons les donn\u00e9es personnelles<\/h3>\n<p>Les donn\u00e9es personnelles recueillies sur notre site seront utilis\u00e9es uniquement aux fins pr\u00e9cis\u00e9es dans la pr\u00e9sente politique ou indiqu\u00e9es sur les pages pertinentes de notre site. Nous n\u2019utiliserons pas vos donn\u00e9es au-del\u00e0 de ce que nous divulguerons.<\/p>\n<p class=\"mt-10\">Les donn\u00e9es que nous recueillons automatiquement sont utilis\u00e9es aux fins suivantes :<\/p>\n<ul>\n<li type=\"a\">Statistiques<\/li>\n<li type=\"a\">Pr\u00e9f\u00e9rences<\/li>\n<\/ul>\n<p class=\"mt-10\">Les donn\u00e9es que nous recueillons lorsque l\u2019utilisateur ex\u00e9cute certaines fonctions peuvent \u00eatre utilis\u00e9es aux fins suivantes :<\/p>\n<ul>\n<li type=\"a\">Communications<\/li>\n<li type=\"a\">Objectifs<\/li>\n<li type=\"a\">Promotions<\/li>\n<li type=\"a\">Facturation<\/li>\n<\/ul>\n<h3 class=\"\" data-fontsize=\"32\" data-lineheight=\"42.56px\">Avec qui nous partageons-nous les donn\u00e9es personnelles?<br \/>Employ\u00e9s<\/h3>\n<p>Nous pouvons divulguer \u00e0 tout membre de notre organisation les donn\u00e9es utilisateur dont il a raisonnablement besoin pour r\u00e9aliser les objectifs \u00e9nonc\u00e9s dans la pr\u00e9sente politique.<\/p>\n<h3 class=\"\" data-fontsize=\"32\" data-lineheight=\"42.56px\">Tierces parties<\/h3>\n<p>Nous pouvons partager les donn\u00e9es des utilisateurs avec les tiers suivants :<\/p>\n<ul>\n<li type=\"a\">Agences de marketing<\/li>\n<li type=\"a\">Statistiques<\/li>\n<li type=\"a\">Publicit\u00e9s<\/li>\n<li type=\"a\">R\u00e9f\u00e9rencements<\/li>\n<\/ul>\n<p class=\"mt-10\">Nous pouvons partager les donn\u00e9es des utilisateurs avec des tiers aux fins suivantes :<\/p>\n<ul>\n<li type=\"a\">Liens cliqu\u00e9s lors d\u2019utilisation du site<\/li>\n<li type=\"a\">Vos pr\u00e9f\u00e9rences publicitaires<\/li>\n<\/ul>\n<p class=\"mt-10\">Les tiers ne seront pas en mesure d\u2019acc\u00e9der aux donn\u00e9es des utilisateurs au-del\u00e0 de ce qui est raisonnablement n\u00e9cessaire pour atteindre l\u2019objectif donn\u00e9.<\/p>\n<h3 class=\"\" data-fontsize=\"32\" data-lineheight=\"42.56px\">Autres divulgations<\/h3>\n<p>Nous nous engageons \u00e0 ne pas vendre ou partager vos donn\u00e9es avec d\u2019autres tiers, sauf dans les cas suivants :<\/p>\n<ul>\n<li type=\"a\">si la loi l\u2019exige<\/li>\n<li type=\"a\">si ces donn\u00e9es sont requises pour une proc\u00e9dure judiciaire<\/li>\n<li type=\"a\">pour prouver ou prot\u00e9ger nos droits l\u00e9gaux<\/li>\n<li type=\"a\">partage \u00e0 des acheteurs ou des acheteurs potentiels de cette soci\u00e9t\u00e9 dans le cas o\u00f9 nous cherchons \u00e0 la vendre la soci\u00e9t\u00e9<\/li>\n<\/ul>\n<p class=\"mt-10\">Si vous suivez des hyperliens de notre site vers un autre site, veuillez noter que nous ne sommes pas responsables et n\u2019avons pas de contr\u00f4le sur leurs politiques et pratiques de confidentialit\u00e9.<\/p>\n<h6 class=\"mb-10 mt-40 text-left\" data-fontsize=\"16\" data-lineheight=\"21.28px\">Combien de temps nous archivons-nous les donn\u00e9es personnelles<\/h6>\n<p>Les donn\u00e9es des utilisateurs seront conserv\u00e9es pour une dur\u00e9e de 5 ans apr\u00e8s la derni\u00e8re activit\u00e9 sur le compte du client, en conformit\u00e9 avec la loi m\u00e9dicale qu\u00e9b\u00e9coise, le Code des professions et les exigences de nos Ordr\u00e9s professionnels.<\/p>\n<h3 class=\"\" data-fontsize=\"32\" data-lineheight=\"42.56px\">Comment nous prot\u00e9geons vos donn\u00e9es personnelles<\/h3>\n<p>Alors que nous prenons toutes les pr\u00e9cautions raisonnables pour nous assurer que nos donn\u00e9es d\u2019utilisateur sont s\u00e9curis\u00e9es et que les utilisateurs sont prot\u00e9g\u00e9s, il reste toujours un risque de pr\u00e9judice. L\u2019Internet en sa totalit\u00e9 peut \u00eatre, parfois, peu s\u00fbr et donc nous sommes incapables de garantir la s\u00e9curit\u00e9 des donn\u00e9es des utilisateurs au-del\u00e0 de ce qui est raisonnablement pratique.<\/p>\n<h3 class=\"\" data-fontsize=\"32\" data-lineheight=\"42.56px\">Mineurs<\/h3>\n<p>Pour les r\u00e9sidents de l\u2019UE, le RGPD pr\u00e9cise que les personnes de moins de 15 ans sont consid\u00e9r\u00e9es comme des mineurs aux fins de la collecte de donn\u00e9es. Les mineurs doivent avoir le consentement d\u2019un repr\u00e9sentant l\u00e9gal pour que leurs donn\u00e9es soient recueillies, trait\u00e9es et utilis\u00e9es.<\/p>\n<h3 class=\"\" data-fontsize=\"32\" data-lineheight=\"42.56px\">Vos droits en tant qu\u2019utilisateur<\/h3>\n<p>En tant qu\u2019utilisateur, vous avez le droit d\u2019acc\u00e9der \u00e0 toutes vos donn\u00e9es personnelles que nous avons collect\u00e9es. En outre, vous avez le droit de mettre \u00e0 jour ou de corriger toute donn\u00e9e personnelle en notre possession \u00e0 condition que votre demande soit acceptable en vertu de la loi.<\/p>\n<p class=\"mt-10\">Vous pouvez choisir de supprimer ou de modifier votre consentement \u00e0 la collecte et \u00e0 l\u2019utilisation des donn\u00e9es en tout temps, pourvu qu\u2019il soit l\u00e9galement acceptable de le faire et que vous nous en ayez inform\u00e9 dans un d\u00e9lai raisonnable.<\/p>\n<h3 class=\"\" data-fontsize=\"32\" data-lineheight=\"42.56px\">Comment modifier, supprimer ou contester les donn\u00e9es recueillies<\/h3>\n<p>Si vous souhaitez que vos renseignements soient supprim\u00e9s ou modifi\u00e9s d\u2019une fa\u00e7on ou d\u2019une autre, veuillez communiquer avec notre agent de protection de la vie priv\u00e9e ici :<\/p>\n<p>Le nom de la personne ressource : Marie-Pier Desjardins<\/p>\n<div>Compagnie :&nbsp;Adresse : 253 rue des Sources, Saint-Eustache Qc J7R 2W3<\/div>\n<div>&nbsp;<\/div>\n<div>\n<div>Courriel: <a href=\"mailto:mp.desjardins@creations-interieures.com\" target=\"_blank\" rel=\"noopener\">mp.desjardins@creations-<wbr>interieures.com<\/a><\/div>\n<div>&nbsp;<\/div>\n<div>T\u00e9l\u00e9phone : 514-971-2573<\/div>\n<\/div>\n<h3 class=\"\" data-fontsize=\"32\" data-lineheight=\"42.56px\">Politique sur les cookies<\/h3>\n<p>Un cookie est un petit fichier, stock\u00e9 sur le disque dur d\u2019un utilisateur par le site Web. Son but est de recueillir des donn\u00e9es relatives aux habitudes de navigation de l\u2019utilisateur. Nous utilisons les types de cookies suivants sur notre site :<\/p>\n<ul>\n<li type=\"a\">\n<h6 class=\"mb-10 mt-40 text-left\" data-fontsize=\"16\" data-lineheight=\"21.28px\"><b>Cookies fonctionnels<\/b><\/h6>\n<p>Nous les utilisons pour m\u00e9moriser toutes les s\u00e9lections que vous faites sur notre site afin qu\u2019elles soient sauvegard\u00e9es pour vos prochaines visites.<\/p>\n<\/li>\n<li type=\"a\">\n<h6 class=\"mb-10 mt-40 text-left\" data-fontsize=\"16\" data-lineheight=\"21.28px\"><b>Cookies analytiques<\/b><\/h6>\n<p>Cela nous permet d\u2019am\u00e9liorer la conception et la fonctionnalit\u00e9 de notre site en recueillant des donn\u00e9es sur le contenu auquel vous acc\u00e9dez et sur lequel vous vous accrochez en utilisant notre site.<\/p>\n<\/li>\n<li type=\"a\">\n<h6 class=\"mb-10 mt-40 text-left\" data-fontsize=\"16\" data-lineheight=\"21.28px\"><b>Cookies de ciblage<\/b><\/h6>\n<p>Ces cookies collectent des donn\u00e9es sur la fa\u00e7on dont vous utilisez le site et vos pr\u00e9f\u00e9rences. Cela nous permet de rendre les informations que vous voyez sur notre site plus promotionnelles et cibl\u00e9es pour vous.<\/p>\n<\/li>\n<\/ul>\n<p class=\"mt-10\">Vous pouvez choisir d\u2019\u00eatre averti chaque fois qu\u2019un cookie est transmis. Vous pouvez \u00e9galement choisir de d\u00e9sactiver les cookies enti\u00e8rement dans votre navigateur Internet, mais cela peut diminuer la qualit\u00e9 de votre exp\u00e9rience d\u2019utilisation.<\/p>\n<h3 class=\"\" data-fontsize=\"32\" data-lineheight=\"42.56px\">Cookies tiers<\/h3>\n<p>Nous pouvons utiliser des cookies tiers sur notre site pour atteindre les objectifs suivants :<\/p>\n<ul>\n<li type=\"1\">Analyse et surveiller les pr\u00e9f\u00e9rences des utilisateurs pour adapter les publicit\u00e9s autour de leurs int\u00e9r\u00eats.<\/li>\n<\/ul>\n<h3 class=\"\" data-fontsize=\"32\" data-lineheight=\"42.56px\">Modifications<\/h3>\n<p>Cette politique de confidentialit\u00e9 peut \u00eatre modifi\u00e9e \u00e0 l\u2019occasion afin de maintenir la conformit\u00e9 avec la loi et de tenir compte de tout changement \u00e0 notre processus de collecte de donn\u00e9es. Nous recommandons \u00e0 nos utilisateurs de v\u00e9rifier notre politique de temps \u00e0 autre pour s\u2019assurer qu\u2019ils soient inform\u00e9s de toute mise \u00e0 jour. Au besoin, nous pouvons informer les utilisateurs par courriel des changements apport\u00e9s \u00e0 cette politique.<\/p>\n<h3 class=\"\" data-fontsize=\"32\" data-lineheight=\"42.56px\">Contact<\/h3>\n<p>Si vous avez des questions \u00e0 nous poser, n\u2019h\u00e9sitez pas \u00e0 communiquer avec nous en utilisant par t\u00e9l\u00e9phone ou courriel au :<\/p>\n<p>Le nom de la personne ressource : Marie-Pier Desjardins<\/p>\n<div>Compagnie :&nbsp;Adresse : 253 rue des Sources, Saint-Eustache Qc J7R 2W3<\/div>\n<div>&nbsp;<\/div>\n<div>\n<div>Courriel: <a href=\"mailto:mp.desjardins@creations-interieures.com\" target=\"_blank\" rel=\"noopener\">mp.desjardins@creations-<wbr>interieures.com<\/a><\/div>\n<div>&nbsp;<\/div>\n<div>T\u00e9l\u00e9phone : 514-971-2573<\/div>\n<\/div>\n<p class=\"mt-60\">Date d\u2019entr\u00e9e en vigueur : le 01 septembre 2023<\/p>\n<\/div><\/div><\/div><\/div><\/div>\n","protected":false},"excerpt":{"rendered":"","protected":false},"author":1,"featured_media":0,"parent":0,"menu_order":0,"comment_status":"closed","ping_status":"closed","template":"","meta":{"footnotes":""},"class_list":["post-785","page","type-page","status-publish","hentry"],"yoast_head":"<!-- This site is optimized with the Yoast SEO plugin v27.5 - https:\/\/yoast.com\/product\/yoast-seo-wordpress\/ -->\n<title>Privacy - Cr&eacute;ations Int&eacute;rieures - Marie-Pier Desjardins<\/title>\n<meta name=\"robots\" content=\"index, follow, max-snippet:-1, max-image-preview:large, max-video-preview:-1\" \/>\n<link rel=\"canonical\" href=\"https:\/\/creations-interieures.com\/en\/privacy\/\" \/>\n<meta property=\"og:locale\" content=\"fr_CA\" \/>\n<meta property=\"og:type\" content=\"article\" \/>\n<meta property=\"og:title\" content=\"Privacy - Cr&eacute;ations Int&eacute;rieures - Marie-Pier Desjardins\" \/>\n<meta property=\"og:url\" content=\"https:\/\/creations-interieures.com\/en\/privacy\/\" \/>\n<meta property=\"og:site_name\" content=\"Cr&eacute;ations Int&eacute;rieures - Marie-Pier Desjardins\" \/>\n<meta property=\"article:publisher\" content=\"https:\/\/www.facebook.com\/profile.php?id=100064656193393\" \/>\n<meta property=\"article:modified_time\" content=\"2024-08-27T04:07:25+00:00\" \/>\n<meta name=\"twitter:card\" content=\"summary_large_image\" \/>\n<script type=\"application\/ld+json\" class=\"yoast-schema-graph\">{\"@context\":\"https:\\\/\\\/schema.org\",\"@graph\":[{\"@type\":\"WebPage\",\"@id\":\"https:\\\/\\\/creations-interieures.com\\\/en\\\/privacy\\\/\",\"url\":\"https:\\\/\\\/creations-interieures.com\\\/en\\\/privacy\\\/\",\"name\":\"Privacy - Cr&eacute;ations Int&eacute;rieures - Marie-Pier Desjardins\",\"isPartOf\":{\"@id\":\"https:\\\/\\\/creations-interieures.com\\\/en\\\/#website\"},\"datePublished\":\"2023-11-15T16:30:30+00:00\",\"dateModified\":\"2024-08-27T04:07:25+00:00\",\"breadcrumb\":{\"@id\":\"https:\\\/\\\/creations-interieures.com\\\/en\\\/privacy\\\/#breadcrumb\"},\"inLanguage\":\"fr-CA\",\"potentialAction\":[{\"@type\":\"ReadAction\",\"target\":[\"https:\\\/\\\/creations-interieures.com\\\/en\\\/privacy\\\/\"]}]},{\"@type\":\"BreadcrumbList\",\"@id\":\"https:\\\/\\\/creations-interieures.com\\\/en\\\/privacy\\\/#breadcrumb\",\"itemListElement\":[{\"@type\":\"ListItem\",\"position\":1,\"name\":\"Accueil\",\"item\":\"https:\\\/\\\/creations-interieures.com\\\/en\\\/\"},{\"@type\":\"ListItem\",\"position\":2,\"name\":\"Privacy\"}]},{\"@type\":\"WebSite\",\"@id\":\"https:\\\/\\\/creations-interieures.com\\\/en\\\/#website\",\"url\":\"https:\\\/\\\/creations-interieures.com\\\/en\\\/\",\"name\":\"Marie-Pier Desjardins, Designer Int\u00e9rieur\",\"description\":\"Designer Int&eacute;rieur, conception, d&eacute;coration, relook\",\"publisher\":{\"@id\":\"https:\\\/\\\/creations-interieures.com\\\/en\\\/#organization\"},\"potentialAction\":[{\"@type\":\"SearchAction\",\"target\":{\"@type\":\"EntryPoint\",\"urlTemplate\":\"https:\\\/\\\/creations-interieures.com\\\/en\\\/?s={search_term_string}\"},\"query-input\":{\"@type\":\"PropertyValueSpecification\",\"valueRequired\":true,\"valueName\":\"search_term_string\"}}],\"inLanguage\":\"fr-CA\"},{\"@type\":\"Organization\",\"@id\":\"https:\\\/\\\/creations-interieures.com\\\/en\\\/#organization\",\"name\":\"Sp\u00e9cialis\u00e9 dans la conception et l'am\u00e9nagement d'espaces int\u00e9rieurs\",\"url\":\"https:\\\/\\\/creations-interieures.com\\\/en\\\/\",\"logo\":{\"@type\":\"ImageObject\",\"inLanguage\":\"fr-CA\",\"@id\":\"https:\\\/\\\/creations-interieures.com\\\/en\\\/#\\\/schema\\\/logo\\\/image\\\/\",\"url\":\"https:\\\/\\\/creations-interieures.com\\\/wp-content\\\/uploads\\\/2021\\\/12\\\/logo-ci-almond-chestnut-1.png\",\"contentUrl\":\"https:\\\/\\\/creations-interieures.com\\\/wp-content\\\/uploads\\\/2021\\\/12\\\/logo-ci-almond-chestnut-1.png\",\"width\":400,\"height\":343,\"caption\":\"Sp\u00e9cialis\u00e9 dans la conception et l'am\u00e9nagement d'espaces int\u00e9rieurs\"},\"image\":{\"@id\":\"https:\\\/\\\/creations-interieures.com\\\/en\\\/#\\\/schema\\\/logo\\\/image\\\/\"},\"sameAs\":[\"https:\\\/\\\/www.facebook.com\\\/profile.php?id=100064656193393\"]}]}<\/script>\n<!-- \/ Yoast SEO plugin. -->","yoast_head_json":{"title":"Privacy - Cr&eacute;ations Int&eacute;rieures - Marie-Pier Desjardins","robots":{"index":"index","follow":"follow","max-snippet":"max-snippet:-1","max-image-preview":"max-image-preview:large","max-video-preview":"max-video-preview:-1"},"canonical":"https:\/\/creations-interieures.com\/en\/privacy\/","og_locale":"fr_CA","og_type":"article","og_title":"Privacy - Cr&eacute;ations Int&eacute;rieures - Marie-Pier Desjardins","og_url":"https:\/\/creations-interieures.com\/en\/privacy\/","og_site_name":"Cr&eacute;ations Int&eacute;rieures - Marie-Pier Desjardins","article_publisher":"https:\/\/www.facebook.com\/profile.php?id=100064656193393","article_modified_time":"2024-08-27T04:07:25+00:00","twitter_card":"summary_large_image","schema":{"@context":"https:\/\/schema.org","@graph":[{"@type":"WebPage","@id":"https:\/\/creations-interieures.com\/en\/privacy\/","url":"https:\/\/creations-interieures.com\/en\/privacy\/","name":"Privacy - Cr&eacute;ations Int&eacute;rieures - Marie-Pier Desjardins","isPartOf":{"@id":"https:\/\/creations-interieures.com\/en\/#website"},"datePublished":"2023-11-15T16:30:30+00:00","dateModified":"2024-08-27T04:07:25+00:00","breadcrumb":{"@id":"https:\/\/creations-interieures.com\/en\/privacy\/#breadcrumb"},"inLanguage":"fr-CA","potentialAction":[{"@type":"ReadAction","target":["https:\/\/creations-interieures.com\/en\/privacy\/"]}]},{"@type":"BreadcrumbList","@id":"https:\/\/creations-interieures.com\/en\/privacy\/#breadcrumb","itemListElement":[{"@type":"ListItem","position":1,"name":"Accueil","item":"https:\/\/creations-interieures.com\/en\/"},{"@type":"ListItem","position":2,"name":"Privacy"}]},{"@type":"WebSite","@id":"https:\/\/creations-interieures.com\/en\/#website","url":"https:\/\/creations-interieures.com\/en\/","name":"Marie-Pier Desjardins, Designer Int\u00e9rieur","description":"Designer Int&eacute;rieur, conception, d&eacute;coration, relook","publisher":{"@id":"https:\/\/creations-interieures.com\/en\/#organization"},"potentialAction":[{"@type":"SearchAction","target":{"@type":"EntryPoint","urlTemplate":"https:\/\/creations-interieures.com\/en\/?s={search_term_string}"},"query-input":{"@type":"PropertyValueSpecification","valueRequired":true,"valueName":"search_term_string"}}],"inLanguage":"fr-CA"},{"@type":"Organization","@id":"https:\/\/creations-interieures.com\/en\/#organization","name":"Sp\u00e9cialis\u00e9 dans la conception et l'am\u00e9nagement d'espaces int\u00e9rieurs","url":"https:\/\/creations-interieures.com\/en\/","logo":{"@type":"ImageObject","inLanguage":"fr-CA","@id":"https:\/\/creations-interieures.com\/en\/#\/schema\/logo\/image\/","url":"https:\/\/creations-interieures.com\/wp-content\/uploads\/2021\/12\/logo-ci-almond-chestnut-1.png","contentUrl":"https:\/\/creations-interieures.com\/wp-content\/uploads\/2021\/12\/logo-ci-almond-chestnut-1.png","width":400,"height":343,"caption":"Sp\u00e9cialis\u00e9 dans la conception et l'am\u00e9nagement d'espaces int\u00e9rieurs"},"image":{"@id":"https:\/\/creations-interieures.com\/en\/#\/schema\/logo\/image\/"},"sameAs":["https:\/\/www.facebook.com\/profile.php?id=100064656193393"]}]}},"_links":{"self":[{"href":"https:\/\/creations-interieures.com\/en\/wp-json\/wp\/v2\/pages\/785","targetHints":{"allow":["GET"]}}],"collection":[{"href":"https:\/\/creations-interieures.com\/en\/wp-json\/wp\/v2\/pages"}],"about":[{"href":"https:\/\/creations-interieures.com\/en\/wp-json\/wp\/v2\/types\/page"}],"author":[{"embeddable":true,"href":"https:\/\/creations-interieures.com\/en\/wp-json\/wp\/v2\/users\/1"}],"replies":[{"embeddable":true,"href":"https:\/\/creations-interieures.com\/en\/wp-json\/wp\/v2\/comments?post=785"}],"version-history":[{"count":6,"href":"https:\/\/creations-interieures.com\/en\/wp-json\/wp\/v2\/pages\/785\/revisions"}],"predecessor-version":[{"id":1101,"href":"https:\/\/creations-interieures.com\/en\/wp-json\/wp\/v2\/pages\/785\/revisions\/1101"}],"wp:attachment":[{"href":"https:\/\/creations-interieures.com\/en\/wp-json\/wp\/v2\/media?parent=785"}],"curies":[{"name":"wp","href":"https:\/\/api.w.org\/{rel}","templated":true}]}}